{"id":7,"date":"2026-08-13T12:17:30","date_gmt":"2026-08-13T11:17:30","guid":{"rendered":"https:\/\/tjdtuotanto.fi\/aitest1\/?page_id=7"},"modified":"2026-08-14T15:16:03","modified_gmt":"2026-08-14T14:16:03","slug":"etusivu","status":"publish","type":"page","link":"https:\/\/tjdtuotanto.fi\/hrtry.com\/","title":{"rendered":"Etusivu"},"content":{"rendered":"<p class=\"wp-block-paragraph\" style=\"color:#34424e;font-size:1.08rem;line-height:1.75\">HRT ry on Ammattiliitto Pron yhdistys<\/p><h2 class=\"wp-block-heading has-text-color\" style=\"border-left-color:#d7a52c;border-left-width:5px;margin-top:var(--wp--preset--spacing--60);padding-left:var(--wp--preset--spacing--30);color:#172a3a;font-size:clamp(1.75rem,3vw,2.25rem);font-weight:750;line-height:1.25\">RAKENNUSALAN KES\u00c4N RENNOIN TYHYP\u00c4IV\u00c4<\/h2><p class=\"wp-block-paragraph\" style=\"color:#34424e;font-size:1.08rem;line-height:1.75\">Ilmoittautuminen tapahtumaan on p\u00e4\u00e4ttynyt.<\/p><p class=\"wp-block-paragraph\" style=\"color:#34424e;font-size:1.08rem;line-height:1.75\">P\u00e4iv\u00e4n ohjelman l\u00f6yd\u00e4t <a style=\"color:#8a6200;text-decoration:underline;text-decoration-thickness:2px;text-underline-offset:3px\" href=\"https:\/\/tjdtuotanto.fi\/hrtry.com\/wp-content\/uploads\/2026\/08\/Viikinsaari20tyhypC3A4ivC3A42013.6.2026.pdf\">T\u00c4ST\u00c4<\/a><\/p><p class=\"wp-block-paragraph\" style=\"color:#34424e;font-size:1.08rem;line-height:1.75\">&#8211; Yhdistys hoitaa osallistumismaksun sek\u00e4 laivamatkan saareen ja takaisin.<\/p><p class=\"wp-block-paragraph\" style=\"color:#34424e;font-size:1.08rem;line-height:1.75\">&#8211; Lis\u00e4ksi korvaamme matkakulusi edullisimman matkustustavan mukaan. Maksamme kodin ja tapahtumapaikan v\u00e4liset matkakulut julkisilla kulkuneuvoilla.<\/p><p class=\"wp-block-paragraph\" style=\"color:#34424e;font-size:1.08rem;line-height:1.75\">&#8211; Maksimisumma matkakuluihin on 50 euroa. Korvaamme kulut kuitteja vastaan tilaisuuden j\u00e4lkeen.<\/p><p class=\"wp-block-paragraph\" style=\"color:#34424e;font-size:1.08rem;line-height:1.75\">&#8211; Yhdistys ei korvaa majoitusta eik\u00e4 maksa p\u00e4iv\u00e4rahoja.<\/p><h2 class=\"wp-block-heading has-text-color\" style=\"border-left-color:#d7a52c;border-left-width:5px;margin-top:var(--wp--preset--spacing--60);padding-left:var(--wp--preset--spacing--30);color:#172a3a;font-size:clamp(1.75rem,3vw,2.25rem);font-weight:750;line-height:1.25\">YHDISTYKSEMME TOIMINTA<\/h2><p class=\"wp-block-paragraph\" style=\"color:#34424e;font-size:1.08rem;line-height:1.75\">Helsingin Rakennustoimihenkil\u00f6t ry on Ammattiliitto Pron alainen ammattiyhdistys (yhdistysnumero 801),<\/p><p class=\"wp-block-paragraph\" style=\"color:#34424e;font-size:1.08rem;line-height:1.75\">joka edustaa Helsingin ja p\u00e4\u00e4kaupunkiseudun rakennusalan toimihenkil\u00f6it\u00e4, asiantuntijoita ja esihenkil\u00f6it\u00e4.<\/p><p class=\"wp-block-paragraph\" style=\"color:#34424e;font-size:1.08rem;line-height:1.75\">Yhdistyksen toiminta ja tarkoitus<\/p><p class=\"wp-block-paragraph\" style=\"color:#34424e;font-size:1.08rem;line-height:1.75\">&#8211; Edunvalvonta: Yhdistys ajaa j\u00e4sentens\u00e4 etuja ty\u00f6paikoilla, edist\u00e4\u00e4 oikeudenmukaista kohtelua ja vahvistaa rakennusalan toimihenkil\u00f6iden ty\u00f6markkina-asemaa.<\/p><p class=\"wp-block-paragraph\" style=\"color:#34424e;font-size:1.08rem;line-height:1.75\">&#8211; J\u00e4senedut: Liiton yleisten etujen lis\u00e4ksi yhdistys tarjoa paikallisia etuja, kuten keilausvuoron ja tukea liikuntaharrastuksiin. J\u00e4senill\u00e4 on mahdollisuus tilata ammattilehte\u00e4, kuten Rakennuslehti.<\/p><p class=\"wp-block-paragraph\" style=\"color:#34424e;font-size:1.08rem;line-height:1.75\">&#8211; Tapahtumat ja koulutus: HRT ry j\u00e4rjest\u00e4\u00e4 j\u00e4sentilaisuuksia, koulutuksia ja vapaa-ajan toimintaa.<\/p><p class=\"wp-block-paragraph\" style=\"color:#34424e;font-size:1.08rem;line-height:1.75\">&#8211; Senioritoiminta: Yhdistyksell\u00e4 on oma HRT-Seniorit jaosto el\u00e4kkeell\u00e4 oleville tai el\u00e4k\u00f6ityville j\u00e4senille, joka yll\u00e4pit\u00e4\u00e4 sosiaalisia verkostoja ja seuraa alan kehityst\u00e4.<\/p><h2 class=\"wp-block-heading has-text-color\" style=\"border-left-color:#d7a52c;border-left-width:5px;margin-top:var(--wp--preset--spacing--60);padding-left:var(--wp--preset--spacing--30);color:#172a3a;font-size:clamp(1.75rem,3vw,2.25rem);font-weight:750;line-height:1.25\">KEV\u00c4TKOKOUS 2026<\/h2><p class=\"wp-block-paragraph\" style=\"color:#34424e;font-size:1.08rem;line-height:1.75\">S\u00e4\u00e4nt\u00f6m\u00e4\u00e4r\u00e4inen kev\u00e4tkokous pidettiin 6.3.2026<\/p><p class=\"wp-block-paragraph\" style=\"color:#34424e;font-size:1.08rem;line-height:1.75\">Paikkana oli Original Sokos Hotel Vantaa.<\/p><h2 class=\"wp-block-heading has-text-color\" style=\"border-left-color:#d7a52c;border-left-width:5px;margin-top:var(--wp--preset--spacing--60);padding-left:var(--wp--preset--spacing--30);color:#172a3a;font-size:clamp(1.75rem,3vw,2.25rem);font-weight:750;line-height:1.25\">HANKI J\u00c4SEN JA TIENAA LAHJAKORTTI!!<\/h2><p class=\"wp-block-paragraph\" style=\"color:#34424e;font-size:1.08rem;line-height:1.75\">Jos saat hankittua yhdistyksellemme uuden j\u00e4senen, tienaat siit\u00e4 40 euron lahjakortin !<\/p><p class=\"wp-block-paragraph\" style=\"color:#34424e;font-size:1.08rem;line-height:1.75\">Saat lahjakortin mik\u00e4li uusi j\u00e4sen on viel\u00e4 kuuden kuukauden p\u00e4\u00e4st\u00e4 j\u00e4senemme.<\/p><p class=\"wp-block-paragraph\" style=\"color:#34424e;font-size:1.08rem;line-height:1.75\">Jotta tied\u00e4mme, ett\u00e4 juuri sin\u00e4 olet t\u00e4m\u00e4n j\u00e4senen hankkinut, ilmoita itsesi ja uusi j\u00e4sen s\u00e4hk\u00f6postiin <a style=\"color:#8a6200;text-decoration:underline;text-decoration-thickness:2px;text-underline-offset:3px\" href=\"mailto:hrtry@gmail.com\">hrtry@gmail.com<\/a><\/p><p class=\"wp-block-paragraph\" style=\"color:#34424e;font-size:1.08rem;line-height:1.75\">My\u00f6s Ammattiliitto Pron sis\u00e4ll\u00e4 tapahtuvat yhdistyksen vaihtajien -vinkkaajat palkitaan!<\/p><p class=\"wp-block-paragraph\" style=\"color:#34424e;font-size:1.08rem;line-height:1.75\">HRT+PRO -ilta<\/p><p class=\"wp-block-paragraph\" style=\"color:#34424e;font-size:1.08rem;line-height:1.75\">Seuraava tapahtuma on 10.3.2026 klo 1700- 2000<\/p><p class=\"wp-block-paragraph\" style=\"color:#34424e;font-size:1.08rem;line-height:1.75\">Paikkana TTS Ty\u00f6tehoseura, Sarkatie 1, Vantaa (Varisto)<\/p><p class=\"wp-block-paragraph\" style=\"color:#34424e;font-size:1.08rem;line-height:1.75\">Aiheina:<\/p><p class=\"wp-block-paragraph\" style=\"color:#34424e;font-size:1.08rem;line-height:1.75\">&#8211; Rakennusty\u00f6maan ty\u00f6turvallisuuden hallinta<\/p><p class=\"wp-block-paragraph\" style=\"color:#34424e;font-size:1.08rem;line-height:1.75\">&#8211; Asbesti<\/p><p class=\"wp-block-paragraph\" style=\"color:#34424e;font-size:1.08rem;line-height:1.75\">&#8211; Rakennusp\u00f6ly<\/p><p class=\"wp-block-paragraph\" style=\"color:#34424e;font-size:1.08rem;line-height:1.75\">Tarkempi ohjelma liitteen\u00e4, jonka n\u00e4et <a style=\"color:#8a6200;text-decoration:underline;text-decoration-thickness:2px;text-underline-offset:3px\" href=\"https:\/\/tjdtuotanto.fi\/hrtry.com\/wp-content\/uploads\/2026\/08\/Rakennusalan20tapahtuma2010.03.2026.pdf\">T\u00c4ST\u00c4<\/a>.<\/p><p class=\"wp-block-paragraph\" style=\"color:#34424e;font-size:1.08rem;line-height:1.75\">Ilmoittautumiset<\/p><p class=\"wp-block-paragraph\" style=\"color:#34424e;font-size:1.08rem;line-height:1.75\"><a style=\"color:#8a6200;text-decoration:underline;text-decoration-thickness:2px;text-underline-offset:3px\" href=\"mailto:reinoholappa18@gmail.com\">reinoholappa18@gmail.com<\/a><\/p><p class=\"wp-block-paragraph\" style=\"color:#34424e;font-size:1.08rem;line-height:1.75\">tai puhelimella 045 107 4060<\/p><p class=\"wp-block-paragraph\" style=\"color:#34424e;font-size:1.08rem;line-height:1.75\">Aiemmat illat<\/p><p class=\"wp-block-paragraph\" style=\"color:#34424e;font-size:1.08rem;line-height:1.75\">Syksy 2025 &#8211; Rakentamislaki sek\u00e4 rakennuttajien ja ty\u00f6maan dokumentointi<\/p><p class=\"wp-block-paragraph\" style=\"color:#34424e;font-size:1.08rem;line-height:1.75\">Talvi 2024 &#8211; Rakennusalan tulevaisuus<\/p><h2 class=\"wp-block-heading has-text-color\" style=\"border-left-color:#d7a52c;border-left-width:5px;margin-top:var(--wp--preset--spacing--60);padding-left:var(--wp--preset--spacing--30);color:#172a3a;font-size:clamp(1.75rem,3vw,2.25rem);font-weight:750;line-height:1.25\">UUDET J\u00c4SENET<\/h2><p class=\"wp-block-paragraph\" style=\"color:#34424e;font-size:1.08rem;line-height:1.75\">Hallituksen kokouksissa hyv\u00e4ksymme uudet j\u00e4senet yhdistykseemme.<\/p><p class=\"wp-block-paragraph\" style=\"color:#34424e;font-size:1.08rem;line-height:1.75\">Kokouksien 2\/26 ja 2\/26 v\u00e4lill\u00e4 saimme uusia j\u00e4seni\u00e4 7 kpl!!<\/p><p class=\"wp-block-paragraph\" style=\"color:#34424e;font-size:1.08rem;line-height:1.75\">Tervetuloa kaikille.<\/p><h2 class=\"wp-block-heading has-text-color\" style=\"border-left-color:#d7a52c;border-left-width:5px;margin-top:var(--wp--preset--spacing--60);padding-left:var(--wp--preset--spacing--30);color:#172a3a;font-size:clamp(1.75rem,3vw,2.25rem);font-weight:750;line-height:1.25\">J\u00c4SENTAPAHTUMAT<\/h2><p class=\"wp-block-paragraph\" style=\"color:#34424e;font-size:1.08rem;line-height:1.75\">Yhdistys j\u00e4rjest\u00e4\u00e4 erilaisia tapahtumia perheille ja\/tai j\u00e4senelle (avec) vesipuistojen ja teatterien kautta.<\/p><p class=\"wp-block-paragraph\" style=\"color:#34424e;font-size:1.08rem;line-height:1.75\">Kommentteja j\u00e4senist\u00f6lt\u00e4 edellisest\u00e4 vesipuisto -tapahtumasta (Flamingo syksy 2025):<\/p><p class=\"wp-block-paragraph\" style=\"color:#34424e;font-size:1.08rem;line-height:1.75\">Meid\u00e4n perhe kiitt\u00e4\u00e4 &#8211; pikkutyt\u00f6t kyselleet sinne koko kes\u00e4n ja syksyn ja nyt sain teinitkin puhuttua viel\u00e4 mukaan. Hurja s\u00e4\u00e4st\u00f6 lompakkoon suuressa perheess\u00e4<\/p><p class=\"wp-block-paragraph\" style=\"color:#34424e;font-size:1.08rem;line-height:1.75\">T\u00e4m\u00e4 on lapsiperheelle eritt\u00e4in mieluinen tapahtuma.<\/p><h2 class=\"wp-block-heading has-text-color\" style=\"border-left-color:#d7a52c;border-left-width:5px;margin-top:var(--wp--preset--spacing--60);padding-left:var(--wp--preset--spacing--30);color:#172a3a;font-size:clamp(1.75rem,3vw,2.25rem);font-weight:750;line-height:1.25\">TY\u00d6EHTOSOPIMUS SOVITTU<\/h2><p class=\"wp-block-paragraph\" style=\"color:#34424e;font-size:1.08rem;line-height:1.75\">RAkennusalan toimihenkil\u00f6iden TES on saatu sovittua.<\/p><p class=\"wp-block-paragraph\" style=\"color:#34424e;font-size:1.08rem;line-height:1.75\"><a style=\"color:#8a6200;text-decoration:underline;text-decoration-thickness:2px;text-underline-offset:3px\" href=\"https:\/\/rt.fi\/tiedotteet-ja-uutiset\/2025\/05\/rakennusalan-tyontekijoille-ja-toimihenkiloille-tyoehtosopimusratkaisut\/\">Linkki RT:n sivulle, jossa asiasta enemm\u00e4n.<\/a><\/p><h2 class=\"wp-block-heading has-text-color\" style=\"border-left-color:#d7a52c;border-left-width:5px;margin-top:var(--wp--preset--spacing--60);padding-left:var(--wp--preset--spacing--30);color:#172a3a;font-size:clamp(1.75rem,3vw,2.25rem);font-weight:750;line-height:1.25\">LINKKI<\/h2><h2 class=\"wp-block-heading has-text-color\" style=\"border-left-color:#d7a52c;border-left-width:5px;margin-top:var(--wp--preset--spacing--60);padding-left:var(--wp--preset--spacing--30);color:#172a3a;font-size:clamp(1.75rem,3vw,2.25rem);font-weight:750;line-height:1.25\">EDUSTAJISTOVAALIT 2024 &#8211; 2028<\/h2><p class=\"wp-block-paragraph\" style=\"color:#34424e;font-size:1.08rem;line-height:1.75\">Ammattiliitto Pron j\u00e4senet valitsevat nelj\u00e4n vuoden v\u00e4lein 100 edustajaa edustajistoon, joka toimii Pron korkeimpana p\u00e4\u00e4tt\u00e4v\u00e4n\u00e4 elimen\u00e4.<\/p><p class=\"wp-block-paragraph\" style=\"color:#34424e;font-size:1.08rem;line-height:1.75\">Yhdistyksemme j\u00e4senist\u00e4 varaj\u00e4seniksi p\u00e4\u00e4siv\u00e4t Petri Raunio sek\u00e4 Toni Tasanko.<\/p><h2 class=\"wp-block-heading has-text-color\" style=\"border-left-color:#d7a52c;border-left-width:5px;margin-top:var(--wp--preset--spacing--60);padding-left:var(--wp--preset--spacing--30);color:#172a3a;font-size:clamp(1.75rem,3vw,2.25rem);font-weight:750;line-height:1.25\">PRO RAKENTAJAT<\/h2><p class=\"wp-block-paragraph\" style=\"color:#34424e;font-size:1.08rem;line-height:1.75\">Proliiton kohdennettu kanava rakentajille l\u00f6ytyy <a style=\"color:#8a6200;text-decoration:underline;text-decoration-thickness:2px;text-underline-offset:3px\" href=\"https:\/\/proliitto.fi\/fi\/prorakentajat\">T\u00c4ST\u00c4<\/a>.<\/p><h2 class=\"wp-block-heading has-text-color\" style=\"border-left-color:#d7a52c;border-left-width:5px;margin-top:var(--wp--preset--spacing--60);padding-left:var(--wp--preset--spacing--30);color:#172a3a;font-size:clamp(1.75rem,3vw,2.25rem);font-weight:750;line-height:1.25\">TILAA RAKENNUSLEHTI<\/h2><p class=\"wp-block-paragraph\" style=\"color:#34424e;font-size:1.08rem;line-height:1.75\">Ammattiliitto Pron ja siell\u00e4 rakennusalan yhdistyksen j\u00e4senen\u00e4 sinulla on mahdollisuus tilata Rakennuslehti. Tee se vaikkapa <a style=\"color:#8a6200;text-decoration:underline;text-decoration-thickness:2px;text-underline-offset:3px\" href=\"https:\/\/proliitto.fi\/fi\/prorakentajat\">T\u00c4ST\u00c4<\/a><\/p><h2 class=\"wp-block-heading has-text-color\" style=\"border-left-color:#d7a52c;border-left-width:5px;margin-top:var(--wp--preset--spacing--60);padding-left:var(--wp--preset--spacing--30);color:#172a3a;font-size:clamp(1.75rem,3vw,2.25rem);font-weight:750;line-height:1.25\">OPISKELIJAJ\u00c4SENEKSI<\/h2><p class=\"wp-block-paragraph\" style=\"color:#34424e;font-size:1.08rem;line-height:1.75\">J\u00e4senyys on opiskelijalle ilmainen. Liity oikeasta yl\u00e4kulmasta<\/p><h2 class=\"wp-block-heading has-text-color\" style=\"border-left-color:#d7a52c;border-left-width:5px;margin-top:var(--wp--preset--spacing--60);padding-left:var(--wp--preset--spacing--30);color:#172a3a;font-size:clamp(1.75rem,3vw,2.25rem);font-weight:750;line-height:1.25\">YHDISTYSKUMMI<\/h2><p class=\"wp-block-paragraph\" style=\"color:#34424e;font-size:1.08rem;line-height:1.75\">Yhdistyskummimme on Tatu Pelkonen Ammattiliitto Prosta.<\/p><h2 class=\"wp-block-heading has-text-color\" style=\"border-left-color:#d7a52c;border-left-width:5px;margin-top:var(--wp--preset--spacing--60);padding-left:var(--wp--preset--spacing--30);color:#172a3a;font-size:clamp(1.75rem,3vw,2.25rem);font-weight:750;line-height:1.25\">KOULUTUSTA<\/h2><p class=\"wp-block-paragraph\" style=\"color:#34424e;font-size:1.08rem;line-height:1.75\"><a style=\"color:#8a6200;text-decoration:underline;text-decoration-thickness:2px;text-underline-offset:3px\" href=\"https:\/\/proliitto.fi\/fi\/jasenelle\/tyoelaman-koulutukset\">T\u00c4ST\u00c4<\/a> linkki Pron J\u00e4senedut -sivulle, josta l\u00f6yd\u00e4t mm. tapahtumakalenterin. Kalenterista l\u00f6yd\u00e4t Pron j\u00e4rjest\u00e4mi\u00e4 koulutuksia.<\/p><p class=\"wp-block-paragraph\" style=\"color:#34424e;font-size:1.08rem;line-height:1.75\">TIETOSUOJASELOSTE PROn j\u00e4senten henkil\u00f6tietojen k\u00e4isttely selvi\u00e4\u00e4 Ammattiliitto PROn tietosuojaselosteesta (23.5.2018), jonka voit katsoa <a style=\"color:#8a6200;text-decoration:underline;text-decoration-thickness:2px;text-underline-offset:3px\" href=\"https:\/\/tjdtuotanto.fi\/hrtry.com\/wp-content\/uploads\/2026\/08\/Liite20420-20PRO20tietosuojaseloste_23.5.2018.pdf\">t\u00e4st\u00e4<\/a>.<\/p><p class=\"wp-block-paragraph\" style=\"color:#34424e;font-size:1.08rem;line-height:1.75\">PROSTOORI ProStoori on Ammattiliitto Pron verkkomedia. Sivusto lupaa kertoa tarinat ja antaa vinkit ty\u00f6el\u00e4m\u00e4st\u00e4. ProStooriin p\u00e4\u00e4set <a style=\"color:#8a6200;text-decoration:underline;text-decoration-thickness:2px;text-underline-offset:3px\" href=\"https:\/\/www.proliitto.fi\/prostoori\/\">T\u00c4ST\u00c4<\/a>.<\/p><p class=\"wp-block-paragraph\" style=\"color:#34424e;font-size:1.08rem;line-height:1.75\">YHTEYSTIETOSI. Onko yhteystietosi kunnossa Proliitossa? Tulemme jatkossa tiedottamaan j\u00e4sentapahtumista ja kev\u00e4tkokouksesta s\u00e4hk\u00f6postilla (2-4 krt\/vuosi). Haemme j\u00e4senien yhteystiedot ProPlussassta, joten on t\u00e4rke\u00e4\u00e4, ett\u00e4 s\u00e4hk\u00f6postisi on siell\u00e4 oikein. ProPlussaan p\u00e4\u00e4set osoitteesta <a style=\"color:#8a6200;text-decoration:underline;text-decoration-thickness:2px;text-underline-offset:3px\" href=\"https:\/\/www.proplus.fi\">www.proplus.fi<\/a><\/p><p class=\"wp-block-paragraph\" style=\"color:#34424e;font-size:1.08rem;line-height:1.75\">PRO RAKENTAJAT ON FACEBOOKISSA. Sinne linkki <a style=\"color:#8a6200;text-decoration:underline;text-decoration-thickness:2px;text-underline-offset:3px\" href=\"https:\/\/fi-fi.facebook.com\/prorakentajat\/\">t\u00e4ss\u00e4<\/a>.<\/p><p class=\"wp-block-paragraph\" style=\"color:#34424e;font-size:1.08rem;line-height:1.75\">PRO RAKENTAJILLA on my\u00f6s omat sivut. Sinne <a style=\"color:#8a6200;text-decoration:underline;text-decoration-thickness:2px;text-underline-offset:3px\" href=\"https:\/\/proliitto.fi\/fi\/prorakentajat\">t\u00e4st\u00e4<\/a>.<\/p><p class=\"wp-block-paragraph\" style=\"color:#34424e;font-size:1.08rem;line-height:1.75\">ELIXIA\/SATS Finland. J\u00e4senill\u00e4 on mahdollisuus saada tukea kk-maksuihin, kun liittyy Elixiaan. Lis\u00e4tietoa Petri Rauniolta, <a style=\"color:#8a6200;text-decoration:underline;text-decoration-thickness:2px;text-underline-offset:3px\" href=\"mailto:petri.raunio@gmail.com\">petri.raunio@gmail.com<\/a><\/p><p class=\"wp-block-paragraph\" style=\"color:#34424e;font-size:1.08rem;line-height:1.75\">KEILAUS. Keilausta TORSTAISIN (kes\u00e4tauko kes\u00e4kuun alusta elokuun puoliv\u00e4liin) 17.30 &#8211; 18.30 Tixi Bowlingissa, Vantaan Tikkurilassa. Osoite on L\u00e4ntinen Valkoisenl\u00e4hteentie 52. Yksi rata k\u00e4yt\u00f6ss\u00e4. Tule paikalla tai ota halutessasi yhteytt\u00e4 Ariin. <a style=\"color:#8a6200;text-decoration:underline;text-decoration-thickness:2px;text-underline-offset:3px\" href=\"mailto:ari.kangasluoma@outlook.com\">ari.kangasluoma@outlook.com<\/a>.<\/p><p class=\"wp-block-paragraph\" style=\"color:#34424e;font-size:1.08rem;line-height:1.75\">PROPLUS. ProPlus on Proliiton toteuttama kokonaan uudenlainen sosiaalinen viestint\u00e4- ja palvelukanava j\u00e4senille, aktiiveille, yhdistyksille ja liiton henkil\u00f6kunnalle. K\u00e4y katsomassa ja kirjautumassa osoitteessa <a style=\"color:#8a6200;text-decoration:underline;text-decoration-thickness:2px;text-underline-offset:3px\" href=\"https:\/\/www.proplus.fi\">www.proplus.fi<\/a><\/p><p class=\"wp-block-paragraph\" style=\"color:#34424e;font-size:1.08rem;line-height:1.75\">HRT ry Olet Helsingin Rakennustoimihenkil\u00f6t ry:n kotisivuilla. Sivujen tarkoitus on antaa tietoa yhdistyksest\u00e4 ja sen hallituksesta sek\u00e4 tiedottaa yhdistyksen tapahtumista ja eduista. Osaan tapahtumista pystyy ilmoittautumaan vain n\u00e4iden sivujen kautta. Lis\u00e4ksi sivuilta l\u00f6ytyy yhteystiedot esim. keilausvuorojen vastaavalle sek\u00e4 yhteyshenkil\u00f6, jonka kautta voit saada etuja liikuntaharrastukseen.<\/p><p class=\"wp-block-paragraph\" style=\"color:#34424e;font-size:1.08rem;line-height:1.75\">Kymmenen hyv\u00e4\u00e4 syyt\u00e4 liitty\u00e4 PRO-liittoon. Katso lis\u00e4tietoa Uutiset -sivulta<\/p>","protected":false},"excerpt":{"rendered":"<p>HRT ry on Ammattiliitto Pron yhdistys RAKENNUSALAN KES\u00c4N RENNOIN TYHYP\u00c4IV\u00c4 Ilmoittautuminen tapahtumaan on p\u00e4\u00e4ttynyt. P\u00e4iv\u00e4n ohjelman l\u00f6yd\u00e4t T\u00c4ST\u00c4 &#8211; Yhdistys hoitaa osallistumismaksun sek\u00e4 laivamatkan saareen ja takaisin. &#8211; Lis\u00e4ksi korvaamme matkakulusi edullisimman matkustustavan mukaan. Maksamme kodin ja tapahtumapaikan v\u00e4liset matkakulut julkisilla kulkuneuvoilla. &#8211; Maksimisumma matkakuluihin on 50 euroa. Korvaamme kulut kuitteja vastaan tilaisuuden j\u00e4lkeen. &#8211;&#8230;<\/p>\n","protected":false},"author":1,"featured_media":0,"parent":0,"menu_order":0,"comment_status":"closed","ping_status":"closed","template":"","meta":{"footnotes":""},"class_list":["post-7","page","type-page","status-publish","hentry"],"_links":{"self":[{"href":"https:\/\/tjdtuotanto.fi\/hrtry.com\/wp-json\/wp\/v2\/pages\/7","targetHints":{"allow":["GET"]}}],"collection":[{"href":"https:\/\/tjdtuotanto.fi\/hrtry.com\/wp-json\/wp\/v2\/pages"}],"about":[{"href":"https:\/\/tjdtuotanto.fi\/hrtry.com\/wp-json\/wp\/v2\/types\/page"}],"author":[{"embeddable":true,"href":"https:\/\/tjdtuotanto.fi\/hrtry.com\/wp-json\/wp\/v2\/users\/1"}],"replies":[{"embeddable":true,"href":"https:\/\/tjdtuotanto.fi\/hrtry.com\/wp-json\/wp\/v2\/comments?post=7"}],"version-history":[{"count":15,"href":"https:\/\/tjdtuotanto.fi\/hrtry.com\/wp-json\/wp\/v2\/pages\/7\/revisions"}],"predecessor-version":[{"id":113,"href":"https:\/\/tjdtuotanto.fi\/hrtry.com\/wp-json\/wp\/v2\/pages\/7\/revisions\/113"}],"wp:attachment":[{"href":"https:\/\/tjdtuotanto.fi\/hrtry.com\/wp-json\/wp\/v2\/media?parent=7"}],"curies":[{"name":"wp","href":"https:\/\/api.w.org\/{rel}","templated":true}]}}